{"id":12994,"date":"2023-12-21T11:12:29","date_gmt":"2023-12-21T11:12:29","guid":{"rendered":"https:\/\/mainstream.eu\/?page_id=12994"},"modified":"2024-06-20T15:07:10","modified_gmt":"2024-06-20T15:07:10","slug":"politika-privatnosti","status":"publish","type":"page","link":"https:\/\/mainstream.eu\/sr\/politika-privatnosti\/","title":{"rendered":"Politika privatnosti"},"content":{"rendered":"\n<h3 class=\"wp-block-heading\">Uvod<\/h3>\n\n\n\n<p>U ovoj Politici privatnosti obja\u0161njavamo kako obra\u0111ujemo Va\u0161e podatke o li\u010dnosti kada posetite sajt <a href=\"https:\/\/www.mainstream.eu\/sr\/\">www.mainstream.eu\/rs<\/a> (\u201eVebsajt\u201c) i kontaktirate nas sa upitom preko Vebsajta, kada Va\u0161 poslodavac odlu\u010di da sara\u0111uje sa nama, kao i u drugim situacijama koje \u0107e detaljnije biti obja\u0161njene u nastavku.<\/p>\n\n\n\n<p>Podatak o li\u010dnosti je svaki podatak koji se odnosi na fizi\u010dko lice \u010diji je identitet odre\u0111en ili odrediv, neposredno ili posredno. Primera radi, to mo\u017ee biti Va\u0161e ime i prezime, adresa stanovanja, email adresa, broj bankovnog ra\u010duna, broj telefona i mnogi drugi.<\/p>\n\n\n\n<p>U slu\u010daju da Vebsajt sadr\u017ei link ka drugim sajtovima ili servisima, molimo Vas da se upoznate sa zasebnim politikama privatnosti takvih sajtova, odnosno servisa.<\/p>\n\n\n\n<h3 class=\"wp-block-heading\">Rukovalac podacima o li\u010dnosti<\/h3>\n\n\n\n<p>Mi smo kompanija Mainstream doo Beograd,sa adresom sedi\u0161ta u ulici Studentski trg br. 4, 11 000 Beograd (\u201eMainstream\u201c ili \u201emi\u201c), i mi smo rukovalac Va\u0161im podacima o li\u010dnosti. Ovo zna\u010di da mi, kao rukovalac, odre\u0111ujemo svrhu i na\u010din obrade Va\u0161ih podataka o li\u010dnosti. Ukoliko imate pitanja u vezi sa Va\u0161im podacima o li\u010dnosti koje obra\u0111ujemo, mo\u017eete nas kontaktirati preko mejl adrese: <strong>kontaktlice.gdpr@mainstream.eu<\/strong><\/p>\n\n\n\n<p>Mainstream je kompanija koja nudi hosting, cloud i druge usluge IT podr\u0161ke kompanijama. (\u201eUsluge\u201c). Kako bismo pru\u017eili Usluge, obra\u0111ujemo odre\u0111ene podatke na\u0161ih klijenata u svojstvu obra\u0111iva\u010da, ali isklju\u010divo u skladu sa njihovim instrukcijama i u njihovo ime. Tamo gde obra\u0111ujemo podatke na\u0161ih klijenata u cilju pru\u017eanja usluga u svojstvu obra\u0111iva\u010da, zaklju\u010dili smo potrebne ugovore o obradi u skladu sa zakonom i preduzeli odgovaraju\u0107e tehni\u010dke i organizacione mere da sa\u010duvamo integritet podataka koje obra\u0111ujemo. Imaju\u0107i u vidu da se u odnosu na podatke na\u0161ih klijenata koje obra\u0111ujemo u sklopu pru\u017eanja Usluga pojavljujemo u ulozi obra\u0111iva\u010da, molimo Vas da se upoznate sa zasebnim politikama privatnosti takvih lica kao rukovaoca.<\/p>\n\n\n\n<h3 class=\"wp-block-heading\">Vrste podataka koje obra\u0111ujemo i svrha obrade<\/h3>\n\n\n\n<p>Obra\u0111ujemo nekoliko kategorija podataka o li\u010dnosti u nekoliko razli\u010ditih situacija.<\/p>\n\n\n\n<p>Ukoliko nas kontaktirate preko Vebsajta preko postoje\u0107e kontakt forme sa upitom o na\u0161im uslugama ili \u017eelite da nam po\u0161aljete svoje mi\u0161ljenje ili drugu poruku u vezi na\u0161eg poslovanja, od Vas prikupljamo ime, prezime, poslovni mejl i naziv kompanije u kojoj radite, kako bismo mogli da Vam \u0161to preciznije odgovorimo na upit.<\/p>\n\n\n\n<p>Ukoliko se prijavite na webinare koje organizujemo preko aplikacije Zoom, od Vas \u0107emo prikupiti ime, prezime, mejl i kompaniju kako bismo mogli da sprovedemo webinar, po\u0161aljemo vam stru\u010dne materijale i sli\u010dno. Za sve detalje u vezi sa tim kako Zoom aplikacija obra\u0111uje podatke o li\u010dnosti, najljubaznije Vas molimo da se upoznate sa njihovom politikom privatnosti.<\/p>\n\n\n\n<p>Ukoliko Va\u0161 poslodavac poslovno sara\u0111uje sa nama, obra\u0111iva\u0107emo podatke kao \u0161to su Va\u0161i kontakt podaci i radna pozicija, kako bismo mogli da uspostavimo poslovni odnos, pru\u017eimo i naplatimo na\u0161e Usluge. Minimum Va\u0161ih kontakt podataka mo\u017eemo \u010duvati i nakon prestanka poslovne saradnje sa Va\u0161im poslodavcem, kako bismo Vas, s vremena na vreme, obave\u0161tavali mejlom o na\u0161im ponudama i pogodnostima u vezi sa Uslugama, za \u0161ta imamo legitimni interes. U navedenom slu\u010daju, uvek mo\u017eete od nas zahtevati da prestanemo sa obradom Va\u0161ih podataka u cilju vr\u0161enja direktnog marketinga, klikom na link \u2019Odjava\u2019, nakon \u010dega \u0107emo prestati da Vas kontaktiramo.<\/p>\n\n\n\n<p>U slu\u010daju da prisustvujete na\u0161im kompanijskim doga\u0111ajima, mo\u017ee se desiti da budete fotografisani, o \u010demu \u0107ete primiti posebno prethodno obave\u0161tenje kada pristignete na doga\u0111aj. Imamo legitimni interes da fotografije sa na\u0161ih javnih doga\u0111aja objavljujemo na Vebsajtu ili na na\u0161im profilima na dru\u0161tvenim mre\u017eama, kako bismo javnost obavestili o svrsi konkretnog doga\u0111aja. U svakom trenutku mo\u017eete od nas zahtevati da Va\u0161u objavljenu fotografiju sklonimo sa na\u0161eg Vebsajta ili dru\u0161tvene mre\u017ee preko kontakt mejla <strong>kontaktlice.gdpr@mainstream.eu<\/strong> nakon \u010dega \u0107emo to i u\u010diniti ukoliko su ispunjeni zakonski uslovi.<\/p>\n\n\n\n<p>Ukoliko fizi\u010dki posetite na\u0161 poslovni prostor, iz bezbednosnih razloga vodimo evidenciju ulazaka u na\u0161 prostor, pa \u0107emo tom prilikom prikupiti Va\u0161e ime i prezime, broj li\u010dne karte i kompaniju iz koje dolazite.<\/p>\n\n\n\n<p>Ukoliko se prijavite za posao kod nas, od Vas \u0107emo prikupiti Va\u0161 CV kako bismo obavili proces regurtacije i zaposlili odgovaraju\u0107eg kandidata. Ako niste izabrani za poziciju, presta\u0107emo sa obradom Va\u0161ih podataka osim ako smatramo da Va\u0161 profil mo\u017ee odgovarati nekoj poziciji u budu\u0107nosti. Samo u tom slu\u010daju imamo legitimni interes da sa\u010duvamo Va\u0161 CV i da Vas kontaktiramo u budu\u0107nosti.<\/p>\n\n\n\n<h3 class=\"wp-block-heading\">Svrha obrade i pravni osnov<\/h3>\n\n\n\n<p>Va\u0161e podatke koje prikupljamo da bismo uspostavili saradnju sa na\u0161im klijentima (Va\u0161im poslodavcem) i naplatili Usluge koje pru\u017eamo, obra\u0111ujemo po osnovu zaklju\u010denja ili izvr\u0161enja ugovora.<\/p>\n\n\n\n<p>Ako nastavimo da \u010duvamo Va\u0161e kontakt podatke nakon prestanka saradnje sa na\u0161im klijentima, to radimo na osnovu legitimnog interesa, kako bismo Vam slali obave\u0161tenja o na\u0161im Uslugama za koje opravdano verujemo da mogu zanimati organizaciju u kojoj radite.<\/p>\n\n\n\n<p>Tako\u0111e na osnovu legitimnog interesa mo\u017eemo obra\u0111ivati fotografije na kojima se nalazite, a snimljene na na\u0161im javnim poslovnim doga\u0111ajima. Ili, na osnovu legitimmnog interesa mo\u017eemo \u010duvati CV koji ste nam poslali prijavljivaju\u0107i se na posao u na\u0161oj kompaniji, ako verujemo da ste profil osobe koji u budu\u0107nosti mo\u017eemo anga\u017eovati.<\/p>\n\n\n\n<p>Imamo legitimni interes da vodimo evidencije eksternih posetilaca na\u0161ih poslovnih prostorija, iz bezbednosnih razloga.<\/p>\n\n\n\n<p>Va\u0161e podatke u slu\u010daju da nas kontaktirate radi uspostavljanja potencijalne poslovne saradnje obra\u0111ujemo na osnovu zaklju\u010denja i izvr\u0161enja ugovora. U slu\u010daju da nas kontaktirate da biste izrazili svoje mi\u0161ljenje, Va\u0161e podatke obra\u0111ujemo na osnovu legitimnog interesa.<\/p>\n\n\n\n<p>U slu\u010daju da Va\u0161e podatke obra\u0111ujemo na osnovu pristanka, Va\u0161 pristanak mo\u017eete povu\u0107i u svakom trenutku.<\/p>\n\n\n\n<h3 class=\"wp-block-heading\">Sa kim delimo Va\u0161e podatke?<\/h3>\n\n\n\n<p>Va\u0161e podatke mo\u017eemo deliti isklju\u010divo sa partnerima koji nam poma\u017eu ili omogu\u0107avanju pru\u017eanje Usluga (partneri koji poseduju odgovaraju\u0107u IT infrasturkturu uz pomo\u0107 koje pru\u017eamo Usluge, ili omogu\u0107avaju naplatu Usluga, ili online servisi koji omogu\u0107avaju lak\u0161u obradu podataka). Osigurali smo da takvi partneri, kao na\u0161i obra\u0111iva\u010di, podobra\u0111iva\u010di ili zajedni\u010dki rukovaoci, budu ugovorno obavezani da imaju pristup samo neophodnim podacima, kao i da preduzmi potrebne tehni\u010dke i organizacione mere da osiguraju bezbednost takvih podataka u skladu sa zakonom.<\/p>\n\n\n\n<h3 class=\"wp-block-heading\">Za\u0161tita integriteta podataka<\/h3>\n\n\n\n<p>Staramo se o tome da Va\u0161i podaci budu bezbedni. Sa tim u vezi, implementirali smo odgovaraju\u0107e tehni\u010dke i organizacione mere da Va\u0161e podatke o li\u010dnosti za\u0161titimo od neovla\u0161\u0107ene obrade i od slu\u010dajnog gubitka, o\u0161te\u0107enja ili uni\u0161tenja. Primera radi, integritet Va\u0161ih podataka \u0161titimo tako \u0161to samo odre\u0111ene osobe u na\u0161oj organizaciji imaju pristup podacima, a koristimo i odgovaraju\u0107e \u0161ifre koje se redovno menjaju.<\/p>\n\n\n\n<h3 class=\"wp-block-heading\">Koliko dugo \u010duvamo Va\u0161e podatke?<\/h3>\n\n\n\n<p>Va\u0161e podatke o li\u010dnosti prikupljamo i \u010duvamo samo dok za to postoji objektivna poslovna potreba, nakon \u010dega ih bri\u0161emo i prestajemo sa obradom.<\/p>\n\n\n\n<p>Primera radi, podatke koje prikupimo preko kontakt forme na sajtu \u010duvamo najdu\u017ee godinu dana, a tako\u0111e godinu dana \u010duvamo podatke koje prikupimo prilikom Va\u0161eg prijavljivanja na na\u0161 webinar.<\/p>\n\n\n\n<p>Podatke o kontakt osobama zaposlenih kod na\u0161ih klijenata \u010duvamo dok postoji poslovna saradnja, kao i dok ne proteknu potrebni zakonski rokovi nakon prestanka takve saradnje.<\/p>\n\n\n\n<p>Ukoliko niste dobili posao za koji ste se prijavili u na\u0161oj kompaniji a smatramo da ste kandidat koji potencijalno mo\u017ee biti zanimljiv za zaposlenje na nekoj sli\u010dnoj poziciji, \u010duva\u0107emo Va\u0161 CV jo\u0161 godinu dana, nakon \u010dega ga bri\u0161emo.<\/p>\n\n\n\n<p>Ako ste prisustvovali na\u0161im kompanijskim doga\u0111ajima i bili fotografisani, te fotografije \u010duvamo godinu dana, nakon \u010dega ih bri\u0161emo.<\/p>\n\n\n\n<p>Ukoliko fizi\u010dki posetite na\u0161 poslovni prostor i od Vas prikupimo podatke za evidenciju ulazaka i dolazaka, te podatke \u010duvamo godinu dana, nakon \u010dega ih bri\u0161emo.<\/p>\n\n\n\n<h3 class=\"wp-block-heading\">Transfer podataka<\/h3>\n\n\n\n<p>Ne iznosimo Va\u0161e podatke van teritorije Republike Srbije.<\/p>\n\n\n\n<h3 class=\"wp-block-heading\">Va\u0161a prava u vezi sa podacima o li\u010dnosti<\/h3>\n\n\n\n<p>Imate slede\u0107a prava u vezi sa obradom Va\u0161ih podataka o li\u010dnosti:<\/p>\n\n\n\n<ul class=\"wp-block-list\">\n<li>Ukoliko \u017eelite da Vam dostavimo kopiju Va\u0161ih li\u010dnih podataka koje obra\u0111ujemo, mo\u017eete nam se obratiti sa zahtevom za dostavljanje takve kopije;<\/li>\n\n\n\n<li>Ukoliko smatrate da su Va\u0161i li\u010dni podaci koje obra\u0111ujemo neta\u010dni ili nepotpuni, mo\u017eete nam se obratiti sa zahtevom za ispravku ili dopunu takvih podataka;<\/li>\n\n\n\n<li>Ukoliko \u017eelite pristup i uvid u Va\u0161e podatke o li\u010dnosti, mo\u017eete nam se obratiti sa zahtevom za pristup i uvid;<\/li>\n\n\n\n<li>Ukoliko \u017eelite da ograni\u010dite obradu Va\u0161ih li\u010dnih podataka, odnosno \u017eelite da ih obri\u0161emo i prestanemo sa obradom, mo\u017eete nam se obratiti sa odgovaraju\u0107im zahtevom, a mi \u0107emo udovoljiti istom u skladu sa zakonom;<\/li>\n\n\n\n<li>U slu\u010dajevima u kojima obra\u0111ujemo Va\u0161e podatke na osnovu pristanka, mo\u017eete povu\u0107i Va\u0161 pristanak u bilo koje doba, na osnovu \u010dega \u0107emo prestati sa takvom obradom.<\/li>\n\n\n\n<li>Ukoliko ne \u017eelite da vi\u0161e primate e-mailove kojima Vas obave\u0161tavamo o razli\u010ditim pogodnostima u vezi sa na\u0161im Uslugama, mo\u017eete se odjaviti tako \u0161to kliknete na link \u2019Odjava\u2019 (eng. \u2019<em>unsubscribe<\/em>\u2019) na dnu svakog mejla.<\/li>\n\n\n\n<li>Imate pravo da od nas zahtevate da li\u010dne podatke koje ste nam dostavili od nas primite u strukturisanom, uobi\u010dajeno kori\u0161\u0107enom i elektronski \u010ditljivom obliku, i pravo da ove podatke prenesete drugom rukovacu bez ometanja, u skladu sa zakonom;<\/li>\n\n\n\n<li>Ukoliko smatrate da je to opravdano, imate pravo da nam u svakom trenutku podnesete prigovor na obradu koja je potrebna radi ostvarenja na\u0161ih legitimnih interesa, a mi \u0107emo, ukoliko postoje zakonsi razlozi za to, prekinuti sa takvom obradom;<\/li>\n\n\n\n<li>Imate pravo da u svakom trenutku podnesete prigovor na obradu svojih podataka o li\u010dnosi koji se obra\u0111uju za potrebe direktnog ogla\u0161avanja, uklju\u010duju\u0107i i profilisanje.<\/li>\n\n\n\n<li>U slu\u010daju da se obrada Va\u0161ih podataka o li\u010dnosti vr\u0161i automatizovano, imate pravo na ljudsku intervenciju, izra\u017eavanje stava o odluci donetoj isklju\u010divo na osnovu automatizovane obrade, ili osporavanje takve odluke, u skladu sa zakonom.<\/li>\n<\/ul>\n\n\n\n<p>Gore navedena prava mo\u017eete ostvariti tako \u0161to \u0107ete nas kontaktirati preko mejla: <strong>kontaktlice.gdpr@mainstream.eu<\/strong><\/p>\n\n\n\n<h3 class=\"wp-block-heading\">Nadle\u017eni organ<\/h3>\n\n\n\n<p>Nadle\u017eni organ za za\u0161titu podataka o li\u010dnosti je Poverenik za informacije od javnog zna\u010daja i za\u0161titu podataka o li\u010dnosti Republike Srbije, kome mo\u017eete podneti i pritu\u017ebu u skladu sa zakonom.<\/p>\n\n\n\n<p>Organu se mo\u017eete obratiti na adresi Bulevar kralja Aleksandra 15, 11000 Beograd, Republika Srbija, mejlom na office@poverenik.rs ili telefonom na +381 11 3408 900.<\/p>\n\n\n\n<h3 class=\"wp-block-heading\">Izmene i dopune Politike privatnosti<\/h3>\n\n\n\n<p>Ukoliko odlu\u010dimo da izmenimo Politiku privatnosti, sve izmene \u0107emo postaviti na ovoj stranici. U slu\u010daju da nove izmene Politike privatnosti nala\u017eu nove na\u010dine obrade Va\u0161ih podataka o li\u010dnosti za koje je, u skladu sa zakonom, potreban Va\u0161 pristanak, mi \u0107emo takav pristanak od Vas naknadno tra\u017eiti.<\/p>\n\n\n\n<h3 class=\"wp-block-heading\">Informacije o obradi Va\u0161ih li\u010dnih podataka od strane Albacross<\/h3>\n\n\n\n<p>Obave\u0161tavamo vas o obradi li\u010dnih podataka u ime Albacross Nordic AB (\u201eAlbacross\u201c).<\/p>\n\n\n\n<p>Informacije prikupljene putem kola\u010di\u0107a postavljenih na va\u0161em ure\u0111aju koje se kvalifikuju kao li\u010dni podaci obra\u0111iva\u0107e Albacross, platforma koja nudi usluge identifikacije posetilaca i ciljanog ogla\u0161avanja sa kancelarijama u Stokholmu i Krakovu. Molimo vas da pogledate dole za potpune kontakt podatke.<\/p>\n\n\n\n<p>Svrha obrade li\u010dnih podataka je omogu\u0107avanje Albacross-u da pobolj\u0161a uslugu pru\u017eenu nama i na\u0161em veb sajtu (npr. usluga \u201eIntent\u201c), dodavanjem podataka u njihovu bazu podataka o kompanijama. Baza podataka Albacross \u0107e pored \u201eIntent Data\u201c biti kori\u0161\u0107ena za ciljeve ciljanog ogla\u0161avanja prema kompanijama i u ovu svrhu podaci \u0107e biti preneti tre\u0107im pru\u017eaocima usluga podataka. Radi jasno\u0107e, ciljno ogla\u0161avanje se odnosi na kompanije, a ne na pojedince.<\/p>\n\n\n\n<p>Podaci koji se prikupljaju i koriste od strane Albacross-a za postizanje ove svrhe su informacije o IP adresi sa koje ste posetili na\u0161 veb sajt i tehni\u010dke informacije koje omogu\u0107avaju Albacross-u da razlikuje razli\u010dite posetioce sa iste IP adrese. Albacross \u010duva domen iz unosa obrasca kako bi povezao IP adresu sa va\u0161im poslodavcem.<\/p>\n\n\n\n<p>Za potpune informacije o obradi li\u010dnih podataka, molimo vas da pogledate <a href=\"https:\/\/albacross.com\/privacy-policy\/\">Politiku privatnosti<\/a> Albacross-a.<br>Albacross Nordic AB Companyreg. no 556942-7338<br>Tegelbacken 4A<br>111 52 Stockholm, Sweden<br><a href=\"https:\/\/www.albacross.com\">www.albacross.com<\/a> &#8211; contact@albacross.com<\/p>\n","protected":false},"excerpt":{"rendered":"<p>Uvod U ovoj Politici privatnosti obja\u0161njavamo kako obra\u0111ujemo Va\u0161e podatke o li\u010dnosti kada posetite sajt www.mainstream.eu\/rs (\u201eVebsajt\u201c) i kontaktirate nas<\/p>\n","protected":false},"author":4,"featured_media":0,"parent":0,"menu_order":0,"comment_status":"closed","ping_status":"closed","template":"","meta":{"_acf_changed":false,"footnotes":""},"class_list":["post-12994","page","type-page","status-publish","hentry"],"acf":[],"yoast_head":"<!-- This site is optimized with the Yoast SEO plugin v27.4 - https:\/\/yoast.com\/product\/yoast-seo-wordpress\/ -->\n<title>Politika privatnosti - Mainstream<\/title>\n<meta name=\"description\" content=\"Uvod U ovoj Politici privatnosti obja\u0161njavamo kako obra\u0111ujemo Va\u0161e podatke o li\u010dnosti kada posetite www.mainstream.rs i kontaktirate nas sa upitom preko sajta.\" \/>\n<meta name=\"robots\" content=\"index, follow, max-snippet:-1, max-image-preview:large, max-video-preview:-1\" \/>\n<link rel=\"canonical\" href=\"https:\/\/mainstream.eu\/sr\/politika-privatnosti\/\" \/>\n<meta property=\"og:locale\" content=\"sr_RS\" \/>\n<meta property=\"og:type\" content=\"article\" \/>\n<meta property=\"og:title\" content=\"Politika privatnosti - Mainstream\" \/>\n<meta property=\"og:description\" content=\"Uvod U ovoj Politici privatnosti obja\u0161njavamo kako obra\u0111ujemo Va\u0161e podatke o li\u010dnosti kada posetite www.mainstream.rs i kontaktirate nas sa upitom preko sajta.\" \/>\n<meta property=\"og:url\" content=\"https:\/\/mainstream.eu\/sr\/politika-privatnosti\/\" \/>\n<meta property=\"og:site_name\" content=\"Mainstream\" \/>\n<meta property=\"article:modified_time\" content=\"2024-06-20T15:07:10+00:00\" \/>\n<meta name=\"twitter:card\" content=\"summary_large_image\" \/>\n<meta name=\"twitter:label1\" content=\"\u041f\u0440\u043e\u0446\u0435\u045a\u0435\u043d\u043e \u0432\u0440\u0435\u043c\u0435 \u0447\u0438\u0442\u0430\u045a\u0430\" \/>\n\t<meta name=\"twitter:data1\" content=\"8 \u043c\u0438\u043d\u0443\u0442\u0430\" \/>\n<script type=\"application\/ld+json\" class=\"yoast-schema-graph\">{\"@context\":\"https:\\\/\\\/schema.org\",\"@graph\":[{\"@type\":\"WebPage\",\"@id\":\"https:\\\/\\\/mainstream.eu\\\/sr\\\/politika-privatnosti\\\/\",\"url\":\"https:\\\/\\\/mainstream.eu\\\/sr\\\/politika-privatnosti\\\/\",\"name\":\"Politika privatnosti - Mainstream\",\"isPartOf\":{\"@id\":\"https:\\\/\\\/mainstream.eu\\\/sr\\\/#website\"},\"datePublished\":\"2023-12-21T11:12:29+00:00\",\"dateModified\":\"2024-06-20T15:07:10+00:00\",\"description\":\"Uvod U ovoj Politici privatnosti obja\u0161njavamo kako obra\u0111ujemo Va\u0161e podatke o li\u010dnosti kada posetite www.mainstream.rs i kontaktirate nas sa upitom preko sajta.\",\"breadcrumb\":{\"@id\":\"https:\\\/\\\/mainstream.eu\\\/sr\\\/politika-privatnosti\\\/#breadcrumb\"},\"inLanguage\":\"sr-RS\",\"potentialAction\":[{\"@type\":\"ReadAction\",\"target\":[\"https:\\\/\\\/mainstream.eu\\\/sr\\\/politika-privatnosti\\\/\"]}]},{\"@type\":\"BreadcrumbList\",\"@id\":\"https:\\\/\\\/mainstream.eu\\\/sr\\\/politika-privatnosti\\\/#breadcrumb\",\"itemListElement\":[{\"@type\":\"ListItem\",\"position\":1,\"name\":\"Po\u010detna\",\"item\":\"https:\\\/\\\/mainstream.eu\\\/sr\\\/\"},{\"@type\":\"ListItem\",\"position\":2,\"name\":\"Politika privatnosti\"}]},{\"@type\":\"WebSite\",\"@id\":\"https:\\\/\\\/mainstream.eu\\\/sr\\\/#website\",\"url\":\"https:\\\/\\\/mainstream.eu\\\/sr\\\/\",\"name\":\"Mainstream\",\"description\":\"\",\"potentialAction\":[{\"@type\":\"SearchAction\",\"target\":{\"@type\":\"EntryPoint\",\"urlTemplate\":\"https:\\\/\\\/mainstream.eu\\\/sr\\\/?s={search_term_string}\"},\"query-input\":{\"@type\":\"PropertyValueSpecification\",\"valueRequired\":true,\"valueName\":\"search_term_string\"}}],\"inLanguage\":\"sr-RS\"}]}<\/script>\n<!-- \/ Yoast SEO plugin. -->","yoast_head_json":{"title":"Politika privatnosti - Mainstream","description":"Uvod U ovoj Politici privatnosti obja\u0161njavamo kako obra\u0111ujemo Va\u0161e podatke o li\u010dnosti kada posetite www.mainstream.rs i kontaktirate nas sa upitom preko sajta.","robots":{"index":"index","follow":"follow","max-snippet":"max-snippet:-1","max-image-preview":"max-image-preview:large","max-video-preview":"max-video-preview:-1"},"canonical":"https:\/\/mainstream.eu\/sr\/politika-privatnosti\/","og_locale":"sr_RS","og_type":"article","og_title":"Politika privatnosti - Mainstream","og_description":"Uvod U ovoj Politici privatnosti obja\u0161njavamo kako obra\u0111ujemo Va\u0161e podatke o li\u010dnosti kada posetite www.mainstream.rs i kontaktirate nas sa upitom preko sajta.","og_url":"https:\/\/mainstream.eu\/sr\/politika-privatnosti\/","og_site_name":"Mainstream","article_modified_time":"2024-06-20T15:07:10+00:00","twitter_card":"summary_large_image","twitter_misc":{"\u041f\u0440\u043e\u0446\u0435\u045a\u0435\u043d\u043e \u0432\u0440\u0435\u043c\u0435 \u0447\u0438\u0442\u0430\u045a\u0430":"8 \u043c\u0438\u043d\u0443\u0442\u0430"},"schema":{"@context":"https:\/\/schema.org","@graph":[{"@type":"WebPage","@id":"https:\/\/mainstream.eu\/sr\/politika-privatnosti\/","url":"https:\/\/mainstream.eu\/sr\/politika-privatnosti\/","name":"Politika privatnosti - Mainstream","isPartOf":{"@id":"https:\/\/mainstream.eu\/sr\/#website"},"datePublished":"2023-12-21T11:12:29+00:00","dateModified":"2024-06-20T15:07:10+00:00","description":"Uvod U ovoj Politici privatnosti obja\u0161njavamo kako obra\u0111ujemo Va\u0161e podatke o li\u010dnosti kada posetite www.mainstream.rs i kontaktirate nas sa upitom preko sajta.","breadcrumb":{"@id":"https:\/\/mainstream.eu\/sr\/politika-privatnosti\/#breadcrumb"},"inLanguage":"sr-RS","potentialAction":[{"@type":"ReadAction","target":["https:\/\/mainstream.eu\/sr\/politika-privatnosti\/"]}]},{"@type":"BreadcrumbList","@id":"https:\/\/mainstream.eu\/sr\/politika-privatnosti\/#breadcrumb","itemListElement":[{"@type":"ListItem","position":1,"name":"Po\u010detna","item":"https:\/\/mainstream.eu\/sr\/"},{"@type":"ListItem","position":2,"name":"Politika privatnosti"}]},{"@type":"WebSite","@id":"https:\/\/mainstream.eu\/sr\/#website","url":"https:\/\/mainstream.eu\/sr\/","name":"Mainstream","description":"","potentialAction":[{"@type":"SearchAction","target":{"@type":"EntryPoint","urlTemplate":"https:\/\/mainstream.eu\/sr\/?s={search_term_string}"},"query-input":{"@type":"PropertyValueSpecification","valueRequired":true,"valueName":"search_term_string"}}],"inLanguage":"sr-RS"}]}},"_links":{"self":[{"href":"https:\/\/mainstream.eu\/sr\/wp-json\/wp\/v2\/pages\/12994","targetHints":{"allow":["GET"]}}],"collection":[{"href":"https:\/\/mainstream.eu\/sr\/wp-json\/wp\/v2\/pages"}],"about":[{"href":"https:\/\/mainstream.eu\/sr\/wp-json\/wp\/v2\/types\/page"}],"author":[{"embeddable":true,"href":"https:\/\/mainstream.eu\/sr\/wp-json\/wp\/v2\/users\/4"}],"replies":[{"embeddable":true,"href":"https:\/\/mainstream.eu\/sr\/wp-json\/wp\/v2\/comments?post=12994"}],"version-history":[{"count":0,"href":"https:\/\/mainstream.eu\/sr\/wp-json\/wp\/v2\/pages\/12994\/revisions"}],"wp:attachment":[{"href":"https:\/\/mainstream.eu\/sr\/wp-json\/wp\/v2\/media?parent=12994"}],"curies":[{"name":"wp","href":"https:\/\/api.w.org\/{rel}","templated":true}]}}